{"id":6281,"date":"2018-04-27T09:12:06","date_gmt":"2018-04-27T07:12:06","guid":{"rendered":"http:\/\/presupuestoypatrimonio.umh.es\/?page_id=6281"},"modified":"2026-04-22T08:38:14","modified_gmt":"2026-04-22T06:38:14","slug":"presupuestos-2-gestion-delegacion-firmas-responsables-de-c-gto","status":"publish","type":"page","link":"https:\/\/presupuestoypatrimonio.umh.es\/en\/presupuestos-2\/gestion\/presupuestos-2-gestion-delegacion-firmas-responsables-de-c-gto\/","title":{"rendered":"<span lang=\"es\">(Espa\u00f1ol) Delegaci\u00f3n de Firmas<\/span>"},"content":{"rendered":"<p><\/p>\n<div id=\"page\" class=\"cv-sidebar-page\">\n<div class=\"cv-page-contents-container \">\n<section id=\"content\" role=\"main\">\n<div class=\"aui-page-panel cv-page-body\">\n<div class=\"aui-page-panel-inner cv-page-body-inner\">\n<section class=\"aui-page-panel-content\">\n<section class=\"cv-request-activity\">\n<div class=\"activity-item worker-comment \">\n<div class=\"content\">\n<p><em><b>DELEGACIONES TEMPORALES:<\/b><\/em><\/p>\n<p>01.\u00a0 Se delega la firma de los centros de gasto: 36DK1001PS\u00a0 y 36DK10GIGI<\/p>\n<p><b>Responsable:<\/b> D. Juan Miguel Valverde Veracruz<\/p>\n<p><b>Delegado a:<\/b>\u00a0\u00a0D. Pedro Javier Zapata Coll<\/p>\n<p>Periodo: Fechas no especificadas.<\/p>\n<hr \/>\n<p>02. Se delega la firma del centro de gasto:\u00a0 36JS0031RP<\/p>\n<p><b>Responsable:<\/b> Jos\u00e9 \u00c1ngel P\u00e9rez \u00c1lvarez<\/p>\n<p><b>Delegado a:<\/b> D\u00f1a. Juana Fern\u00e1ndez L\u00f3pez<\/p>\n<p>Periodo: Fechas no especificadas.<\/p>\n<hr \/>\n<p>03. Se delega la firma de los centros de gasto del Consejo Social<\/p>\n<p><b>Responsable:<\/b> D. Joaqu\u00edn P\u00e9rez V\u00e1zquez<\/p>\n<\/div>\n<p><b>Delegado a:\u00a0<\/b>Prof. D. Jos\u00e9 Mar\u00eda G\u00f3mez Gras<\/p>\n<p>Periodo: Desde 29\/07\/2019 hasta finalizaci\u00f3n de mandato.<\/p>\n<hr \/>\n<p>04. Se delega la firma del centro de gasto: 54CG1012IE<\/p>\n<p><b>Responsable:<\/b> Prof\u00aa. Pilar Legua Murcia<\/p>\n<p><b>Delegado a:\u00a0<\/b>Prof. Pablo Melgarejo Moreno<\/p>\n<p>Periodo: Del 25\/02\/2020 Hasta: 30\/09\/2022.<\/p>\n<hr \/>\n<p>05. Se delega la firma de los centros de gasto: 36HZ0012PS, 36HZ00GIGI, 36HZ0055AS, 36HZ0063CU, 36HZ0064AS y 36HZ0065AS<\/p>\n<p><b>Responsable:<\/b> Prof. \u00c1ngel Carbonell Barrachina<\/p>\n<p><b>Delegado a:\u00a0<\/b>Prof\u00aa. Esther Sendra Nadal<\/p>\n<p>Periodo: Del 07\/09\/2020 hasta finalizaci\u00f3n de contratos.<\/p>\n<hr \/>\n<p>06. Se delega la firma del centro de gasto: <a href=\"https:\/\/presupuestoypatrimonio.umh.es\/files\/2021\/02\/Modelo-Delegaci\u00f3n-de-Competencias-PAR-eco.pdf\" target=\"_blank\" rel=\"noopener noreferrer\">52KM0031RP\/542.R.1.21<\/a><\/p>\n<p><b>Responsable:<\/b> Prof. Francisco Botella Robles<\/p>\n<p><b>Delegado a:\u00a0<\/b>Prof. Juan Manuel P\u00e9rez Garc\u00eda<\/p>\n<p>Periodo: Del 11\/02\/2021 hasta el 11\/02\/2022.<\/p>\n<hr \/>\n<p>07. Se delega la firma del centro de gasto: <a href=\"https:\/\/presupuestoypatrimonio.umh.es\/presupuestos-2\/delegacion-firmas-responsables-de-c-gto\/copia-de-modelo-delegacia%de%b3n-de-competencias-acb-a-esther-07-09-2020\/\" rel=\"attachment wp-att-12473\">36HZ0066AS<\/a><\/p>\n<p><b>Responsable:<\/b> Prof. \u00c1ngel Carbonell Barrachina<\/p>\n<p><b>Delegado a:\u00a0<\/b>Prof\u00aa. Esther Sendra Nadal<\/p>\n<p>Periodo: Del 22\/02\/2021 hasta finalizaci\u00f3n de contrato (05\/09\/2021).<\/p>\n<hr \/>\n<p>08. Se delega la firma del centro de gasto: <a href=\"https:\/\/presupuestoypatrimonio.umh.es\/files\/2021\/03\/Solicitud-Delegaci\u00f3n-Competencias-52OK0030AS.pdf\">52OK0030AS<\/a><\/p>\n<p><b>Responsable:<\/b> Prof. Jos\u00e9 Antonio S\u00e1nchez Zapata<\/p>\n<p><b>Delegado a:\u00a0<\/b>Prof. Juan Manuel P\u00e9rez Garc\u00eda<\/p>\n<p>Periodo: Del 10\/03\/2021 hasta el 09\/03\/2023.<\/p>\n<hr \/>\n<p>09. Se delega la firma del centro de gasto: <a href=\"https:\/\/presupuestoypatrimonio.umh.es\/files\/2021\/03\/04-Solicitud-Delegaci\u00f3n-Competencias-FIRMADO-32XU0014CO-122A.pdf\">32XU0014CO<\/a><\/p>\n<p><b>Responsable:<\/b> Prof. Paula Peral G\u00f3mez<\/p>\n<p><b>Delegado a:\u00a0<\/b>Prof. Eva Navarrete Mu\u00f1oz<\/p>\n<p>Periodo: Del 25\/03\/2021 hasta el 30\/11\/2021.<\/p>\n<hr \/>\n<p>10. Se delega la firma del los gastos que resulten necesarios financiar con los cr\u00e9ditos dotados en las partidas presupuestarias de cap\u00edtulo II, <a href=\"https:\/\/presupuestoypatrimonio.umh.es\/files\/2021\/04\/05-Delegacio\u0301n-I.-Neurociencias_-RMG-Angel-Luis-Barco.pdf\">Unidad Org\u00e1nica 4401<\/a> \u201cServicio de Experimentaci\u00f3n Animal: RMG\u201d, que servir\u00e1 para firmar los documentos de \u201cjustificantes de gasto\u201d, \u201cADO\u201d, y \u201cO\u201d, para importes que no requieran de incoaci\u00f3n de Expedientes de Contrataci\u00f3n Administrativa sujetos a Licitaci\u00f3n P\u00fablica.<\/p>\n<p><b>Responsable:<\/b> Domingo Luis Orozco Beltr\u00e1n<\/p>\n<p><b>Delegado a:\u00a0<\/b> \u00c1ngel Luis Barco Guerrero<\/p>\n<p>Periodo: Del 01\/01\/2021 hasta el 31\/12\/2021.<\/p>\n<hr \/>\n<p>11. Se delega la firma del centro de gasto: <a href=\"https:\/\/presupuestoypatrimonio.umh.es\/files\/2021\/06\/Delegaci\u00f3n-firma-copia-autentica-33DC1003IP-copia-autentica.pdf\">33DC1003IP<\/a><\/p>\n<p><b>Responsable:<\/b> D\u00f1a. Cristina L\u00f3pez S\u00e1nchez<\/p>\n<p><b>Delegado a: <\/b>D\u00f1a. Purificaci\u00f3n Cremades Garc\u00eda<\/p>\n<p>Periodo: Del 01\/05\/2021 hasta el 31\/06\/2021.<\/p>\n<hr \/>\n<p>12. Se delega la firma del centro de gasto: 38DK0003CT<\/p>\n<p><b>Responsable:<\/b> D. Ernesto Cort\u00e9s Castell<\/p>\n<p><b>Delegado a: <\/b>D. Pedro Zapater Hern\u00e1ndez<\/p>\n<p>Periodo: Del 01\/10\/2021 hasta el 31\/12\/2021.<\/p>\n<hr \/>\n<p>13. Se delega la firma del centro de gasto: 38DK0002DN<\/p>\n<p><b>Responsable:<\/b> D. Ernesto Cort\u00e9s Castell<\/p>\n<p><b>Delegado a: <\/b>D. Francisco Jos\u00e9 S\u00e1nchez Ferrer<\/p>\n<p>Periodo: Del 01\/10\/2021 hasta el 31\/12\/2021.<\/p>\n<hr \/>\n<p>14. Se delega la firma del centro de gasto: 38DK0005RP<\/p>\n<p><b>Responsable:<\/b> D. Ernesto Cort\u00e9s Castell<\/p>\n<p><b>Delegado a: <\/b>D\u00f1a. Ana Pilar Nso Roca<\/p>\n<p>Periodo: Del 01\/10\/2021 hasta el 31\/12\/2021.<\/p>\n<hr \/>\n<p>15. Se delega la firma del centro de gasto:<a href=\"https:\/\/presupuestoypatrimonio.umh.es\/files\/2021\/11\/Solicitud-firmas-Mario-firmado-copia-autentica.pdf\"> 54BN0071IP<\/a><\/p>\n<p><b>Responsable:<\/b> D. Francisco Rodr\u00edguez Valera<\/p>\n<p><b>Delegado a: <\/b>D. Mario L\u00f3pez P\u00e9rez<\/p>\n<p>Periodo: Del 17\/11\/2021 hasta el 30\/09\/2024.<\/p>\n<hr \/>\n<p>16. Se delega la firma de los centros de gasto:<\/p>\n<p><a href=\"https:\/\/presupuestoypatrimonio.umh.es\/files\/2022\/01\/Delegacion-de-Competencias_Gallar-en-Acosta_VI-firmado.pdf\">48CJ0024IE, 48CJ0027IP, 48CJ0032AI, 48CJ0037IP y 48CJ00GIGI.<\/a><\/p>\n<p><a href=\"https:\/\/presupuestoypatrimonio.umh.es\/files\/2022\/01\/Delegacion-de-Competencias_Gallar-en-Acosta_VT-1-firmado.pdf\">48CJ0033AS y 48CJ0035RP<\/a><\/p>\n<p><b>Responsable:<\/b> D\u00f1a. Juana Gallar Mart\u00ednez<\/p>\n<p><b>Delegado a: <\/b>D\u00f1a. Mar\u00eda del Carmen Acosta Boj<\/p>\n<p>Periodo: Durante la vigencia de cada centro de gasto.<\/p>\n<hr \/>\n<p>17.\u00a0 Se delega la firma de los gastos que resulten necesarios financiar con los cr\u00e9ditos dotados en las partidas presupuestarias de cap\u00edtulo II, <a href=\"https:\/\/presupuestoypatrimonio.umh.es\/files\/2022\/03\/Delegacio\u0301n-IN-4401-2022-firmado.pdf\">Unidad Org\u00e1nica 4401<\/a> \u201cServicio de Experimentaci\u00f3n Animal: RMG\u201d, que servir\u00e1 para firmar los documentos de \u201cjustificantes de gasto\u201d, \u201cADO\u201d, y \u201cO\u201d, para importes que no requieran de incoaci\u00f3n de Expedientes de Contrataci\u00f3n Administrativa sujetos a Licitaci\u00f3n P\u00fablica<\/p>\n<p><b>Responsable:<\/b> D. Domingo Luis Orozco Beltr\u00e1n<\/p>\n<p><b>Delegado a: <\/b>D. \u00c1ngel Luis Barco Guerrero<\/p>\n<p>Periodo:\u00a0 Del 01\/01\/2022 hasta 31\/12\/2022.<\/p>\n<\/div>\n<p>&nbsp;<\/p>\n<\/section>\n<\/section>\n<\/div>\n<\/div>\n<\/section>\n<\/div>\n<\/div>\n<hr \/>\n<p>18. Se delega la firma del centro de gasto: <a href=\"https:\/\/presupuestoypatrimonio.umh.es\/files\/2022\/07\/03-Delegacion-de-Competencias-XBarber-transferencia-firmado-copia-autentica-2.pdf\" target=\"_blank\" rel=\"noopener\">62AW1001PS<\/a><\/p>\n<p><b>Responsable:<\/b> D. Xavier Barber Vall\u00e9s<\/p>\n<p><b>Delegado a: <\/b>D.Juan Aparicio Baeza<\/p>\n<p>Periodo: Del 01\/09\/2022 hasta el 31\/12\/2022.<\/p>\n<p>&nbsp;<\/p>\n<hr \/>\n<p>19. Se delega la firma del centro de gasto: <a href=\"https:\/\/presupuestoypatrimonio.umh.es\/files\/2022\/07\/03-Delegacion-de-Competencias-XBarber-investigacion-firmado-2-copia-autentica.pdf\">62AW1023IP<\/a><\/p>\n<p><b>Responsable:<\/b> D. Xavier Barber Vall\u00e9s<\/p>\n<p><b>Delegado a: <\/b>D.Juan Aparicio Baeza<\/p>\n<p>Periodo: Del 01\/09\/2022 hasta el 31\/12\/2022.<\/p>\n<hr \/>\n<p>20. Se delega la firma del centro de gasto: <a href=\"https:\/\/presupuestoypatrimonio.umh.es\/files\/2022\/09\/Modelo-Delegacion-de-Competencias-copia-autentica.pdf\">33PJ1002IE<\/a><\/p>\n<p><b>Responsable:<\/b> D. Francisco Javier Castro Toledo<\/p>\n<p><b>Delegado a: <\/b>D. Fernando Mir\u00f3 Llinares<\/p>\n<p>Periodo: Del 21\/06\/2022 hasta el 31\/12\/2022.<\/p>\n<hr \/>\n<p>21. Se delega la firma del centro de gasto: <a href=\"https:\/\/presupuestoypatrimonio.umh.es\/files\/2022\/10\/Delegacion-de-Competencias-1-copia-autentica.pdf\">58FY1007IP<\/a><\/p>\n<p><b>Responsable:<\/b> D\u00f1a. Mar\u00eda \u00c1ngeles Bustamante Mu\u00f1oz<\/p>\n<p><b>Delegado a: <\/b>D\u00f1a. Mar\u00eda Dolores P\u00e9rez Murcia<\/p>\n<p>Periodo: Del 07\/10\/2022 hasta el 05\/12\/2022.<\/p>\n<hr \/>\n<p>22. Se delega la firma del centro de gasto: <a href=\"https:\/\/presupuestoypatrimonio.umh.es\/files\/2023\/02\/0.Delegacion-de-Competencias-2-copia-autentica.pdf\" target=\"_blank\" rel=\"noopener\">58FY1007IP (.PDF)<img loading=\"lazy\" class=\"alignnone size-full wp-image-16022\" src=\"https:\/\/presupuestoypatrimonio.umh.es\/files\/2023\/09\/ICONO-abre-en-nueva-ventana.png\" alt=\"abre en nueva ventana\" width=\"15\" height=\"15\" \/><\/a><\/p>\n<p><b>Responsable:<\/b> D\u00f1a. Mar\u00eda \u00c1ngeles Bustamante Mu\u00f1oz<\/p>\n<p><b>Delegado a: <\/b>D\u00f1a. Mar\u00eda Dolores P\u00e9rez Murcia<\/p>\n<p>Periodo: Del 30\/01\/2023 hasta el 22\/06\/2023.<\/p>\n<hr \/>\n<p>23. Se delega la firma para la gesti\u00f3n de los cr\u00e9ditos presupuestarios\u00a0 de Cap\u00edtulo II, adscritas a la <a href=\"https:\/\/presupuestoypatrimonio.umh.es\/files\/2023\/02\/0.Modelo-suplencia-Direccion-16_1_2023-copia-autentica.pdf\" target=\"_blank\" rel=\"noopener\">Unidad Org\u00e1nica 32.00 (.PDF)<img loading=\"lazy\" class=\"alignnone size-full wp-image-16022\" src=\"https:\/\/presupuestoypatrimonio.umh.es\/files\/2023\/09\/ICONO-abre-en-nueva-ventana.png\" alt=\"abre en nueva ventana\" width=\"15\" height=\"15\" \/><\/a> \u201cDepartamento de Patolog\u00eda y Cirug\u00eda\u201d.<\/p>\n<p><b>Responsable:<\/b> D\u00f1a. Susana Jim\u00e9nez Moreno<\/p>\n<p><b>Delegado a: <\/b>D. Antonio Arroyo Sebastian<\/p>\n<p>Periodo: Del 16\/01\/2023 hasta el 16\/02\/2023.<\/p>\n<hr \/>\n<p>24.\u00a0 Se delega la firma de los gastos que resulten necesarios financiar con los cr\u00e9ditos dotados en las partidas presupuestarias de cap\u00edtulo II, <a href=\"https:\/\/presupuestoypatrimonio.umh.es\/files\/2023\/02\/Delegacion-IN-4401-2023-copia-autentica-firmado.pdf\" target=\"_blank\" rel=\"noopener\">Unidad Org\u00e1nica 4401 (.PDF)<img src=\"https:\/\/presupuestoypatrimonio.umh.es\/files\/2023\/09\/ICONO-abre-en-nueva-ventana.png\" \/><\/a> \u201cServicio de Experimentaci\u00f3n Animal: RMG\u201d, que servir\u00e1 para firmar los documentos de \u201cjustificantes de gasto\u201d, \u201cADO\u201d, y \u201cO\u201d, para importes que no requieran de incoaci\u00f3n de Expedientes de Contrataci\u00f3n Administrativa sujetos a Licitaci\u00f3n P\u00fablica<\/p>\n<p><b>Responsable:<\/b> D. Domingo Luis Orozco Beltr\u00e1n<\/p>\n<p><b>Delegado a: <\/b>D. \u00c1ngel Luis Barco Guerrero<\/p>\n<p>Periodo:\u00a0 Del 01\/01\/2023 hasta 31\/12\/2023.<\/p>\n<hr \/>\n<p>25.\u00a0 Se delega la firma del centro de gasto: <a href=\"https:\/\/presupuestoypatrimonio.umh.es\/files\/2023\/03\/Delegacion-de-Africa-Martinez-Poveda-FdoSA-copia-autentica.pdf\" target=\"_blank\" rel=\"noopener\">65JU1001CT (.PDF)<img loading=\"lazy\" class=\"alignnone size-full wp-image-16022\" src=\"https:\/\/presupuestoypatrimonio.umh.es\/files\/2023\/09\/ICONO-abre-en-nueva-ventana.png\" alt=\"\" width=\"15\" height=\"15\" \/><\/a><\/p>\n<p><b>Responsable:<\/b> D\u00f1a. Mar\u00eda de Africa mart\u00ednez Poveda<\/p>\n<p><b>Delegado a: <\/b>D\u00f1a. Asunci\u00f3n Mar\u00eda Agull\u00f3 Torres<\/p>\n<p>Periodo:\u00a0 Del 28\/02\/2023 hasta 30\/09\/2023.<\/p>\n<p>&nbsp;<\/p>","protected":false},"excerpt":{"rendered":"<p>DELEGACIONES TEMPORALES:<br \/>\n01.\u00a0 Se delega la firma de los centros de gasto: 36DK1001PS\u00a0 y 36DK10GIGI<br \/>\nResponsable: D. Juan Miguel Valverde Veracruz<br \/>\nDelegado a:\u00a0\u00a0D. Pedro Javier Zapata Coll<br \/>\nPeriodo: Fechas no especificadas.<\/p>\n<p>02. Se delega la firma del centro de gasto:\u00a0 36JS0031RP<br \/>\nResponsable: Jos\u00e9 \u00c1ngel P\u00e9rez \u00c1lvarez<br \/>\nDelegado a: D\u00f1a. Juana Fern\u00e1ndez L\u00f3pez<br \/>\nPeriodo: Fechas no especificadas.<\/p>\n<p>03. Se delega la firma de los centros [&#8230;]<\/p>\n","protected":false},"author":465,"featured_media":0,"parent":13689,"menu_order":20,"comment_status":"closed","ping_status":"closed","template":"","meta":{"_links_to":"","_links_to_target":""},"_links":{"self":[{"href":"https:\/\/presupuestoypatrimonio.umh.es\/en\/wp-json\/wp\/v2\/pages\/6281"}],"collection":[{"href":"https:\/\/presupuestoypatrimonio.umh.es\/en\/wp-json\/wp\/v2\/pages"}],"about":[{"href":"https:\/\/presupuestoypatrimonio.umh.es\/en\/wp-json\/wp\/v2\/types\/page"}],"author":[{"embeddable":true,"href":"https:\/\/presupuestoypatrimonio.umh.es\/en\/wp-json\/wp\/v2\/users\/465"}],"replies":[{"embeddable":true,"href":"https:\/\/presupuestoypatrimonio.umh.es\/en\/wp-json\/wp\/v2\/comments?post=6281"}],"version-history":[{"count":0,"href":"https:\/\/presupuestoypatrimonio.umh.es\/en\/wp-json\/wp\/v2\/pages\/6281\/revisions"}],"up":[{"embeddable":true,"href":"https:\/\/presupuestoypatrimonio.umh.es\/en\/wp-json\/wp\/v2\/pages\/13689"}],"wp:attachment":[{"href":"https:\/\/presupuestoypatrimonio.umh.es\/en\/wp-json\/wp\/v2\/media?parent=6281"}],"curies":[{"name":"wp","href":"https:\/\/api.w.org\/{rel}","templated":true}]}}